{"id":37053,"date":"2018-07-26T00:02:25","date_gmt":"2018-07-25T22:02:25","guid":{"rendered":"https:\/\/shamengo.com\/?page_id=37053"},"modified":"2018-08-31T22:04:14","modified_gmt":"2018-08-31T20:04:14","slug":"espace-presse","status":"publish","type":"page","link":"https:\/\/www.shamengo.com\/fr\/espace-presse\/","title":{"rendered":"Espace presse"},"content":{"rendered":"<div class=\"wpb-content-wrapper\"><p>[vc_section full_width=&#8221;stretch_row_content&#8221; el_class=&#8221;header-image-section&#8221; css=&#8221;.vc_custom_1532557230229{background-image: url(\/\/shamengo.com\/wp-content\/uploads\/2018\/07\/bandeau-espace-presse.jpg?id=37059) !important;}&#8221;][\/vc_section][vc_section css=&#8221;.vc_custom_1532451925120{margin-bottom: 0px !important;padding-bottom: 0px !important;}&#8221;][vc_row el_id=&#8221;site-title&#8221;][vc_column][vc_column_text]<\/p>\n<h1 style=\"text-align: center;\">ESPACE PRESSE<\/h1>\n<h3 style=\"text-align: center;\"><span style=\"font-size: 14pt;\">Journalistes, r\u00e9alisateurs et professionnels de la communication, voici les contenus que nous mettons \u00e0 votre disposition.<\/span><br \/>\n<span style=\"font-size: 14pt;\">N\u2019h\u00e9sitez pas \u00e0 nous contacter directement si vous n\u2019y trouvez pas votre bonheur !<\/span><\/h3>\n<p>[\/vc_column_text][\/vc_column][\/vc_row][\/vc_section][vc_section css=&#8221;.vc_custom_1532627270095{margin-top: 0px !important;margin-bottom: 20px !important;padding-top: 0px !important;}&#8221;][vc_row][vc_column]<div class='open toggle-section' data-element-type='press_release'><i class='icon-toggle fa fa-file-text-o' aria-hidden='true'><\/i><div class='separator-vertical'><\/div><h3 class='title-toggle'>Communiqu\u00e9s de presse<\/h3><i class='fa fa-chevron-down' aria-hidden='true'><\/i><i class='fa fa-chevron-right' aria-hidden='true'><\/i><\/div><div class='section-content press_release opened'><div class='year-box'><span class='year-text'>2019<\/span><\/div><div class='line-press'><a href='https:\/\/www.shamengo.com\/fr\/press\/la-villa-shamengo-donne-le-coup-denvoi-de-sa-construction-le-5-juin-2019-avec-un-happening-canape-a-ciel-ouvert\/'><div class='preview_img'><img decoding=\"async\" width=\"350\" height=\"247\" src=\"\/\/www.shamengo.com\/wp-content\/uploads\/2019\/05\/Proposition-1-1-1-350x247.jpg\" class=\"attachment-medium size-medium wp-post-image\" alt=\"\" srcset=\"\/\/www.shamengo.com\/wp-content\/uploads\/2019\/05\/Proposition-1-1-1-350x247.jpg 350w, \/\/www.shamengo.com\/wp-content\/uploads\/2019\/05\/Proposition-1-1-1-768x543.jpg 768w, \/\/www.shamengo.com\/wp-content\/uploads\/2019\/05\/Proposition-1-1-1-204x144.jpg 204w, \/\/www.shamengo.com\/wp-content\/uploads\/2019\/05\/Proposition-1-1-1-600x424.jpg 600w, \/\/www.shamengo.com\/wp-content\/uploads\/2019\/05\/Proposition-1-1-1.jpg 842w\" sizes=\"(max-width: 350px) 100vw, 350px\" \/><\/div><\/a><div class='info-box'><h4 class='title'><a href='https:\/\/www.shamengo.com\/fr\/press\/la-villa-shamengo-donne-le-coup-denvoi-de-sa-construction-le-5-juin-2019-avec-un-happening-canape-a-ciel-ouvert\/'>La Villa Shamengo donne le coup d\u2019envoi de sa construction le 5 juin 2019 avec un \u00ab Happening Canap\u00e9 \u00bb \u00e0 ciel ouvert<\/a><\/h4><div class='meta-data-box'><span class='location-date'>Bordeaux, 15 mai 2019<\/span><a class='file-download' download target='_blank' href='\/\/www.shamengo.com\/wp-content\/uploads\/2019\/05\/Communiqu\u00e9-Shamengo_HappeningCanap\u00e9_150519-1.pdf'><i class='fa fa-file-pdf-o' aria-hidden='true'><\/i><\/a><\/div><div class='box-tag'><span class='tag'>ateliers<\/span><span class='tag'>bordeaux<\/span><span class='tag'>d\u00e9veloppement durable<\/span><span class='tag'>diy<\/span><span class='tag'>\u00e9co-construction<\/span><span class='tag'>\u00e9conomie circulaire<\/span><span class='tag'>happening canap\u00e9<\/span><span class='tag'>premi\u00e8re pierre<\/span><span class='tag'>projet collaboratif<\/span><span class='tag'>villa shamengo<\/span><\/div><div class='intro-text'>Shamengo, le living lab du nouveau monde (www.shamengo.com), posera la premi\u00e8re pierre de la Villa Shamengo en pr\u00e9sence de ses partenaires publics et priv\u00e9s le mercredi 5 juin 2019 all\u00e9e Serr.<\/div><\/div><\/div><div class='year-box'><span class='year-text'>2016<\/span><\/div><div class='line-press'><a href='https:\/\/www.shamengo.com\/fr\/press\/imaginez-le-meilleur-de-linnovation-verte-et-sociale-de-la-planete-concentre-dans-un-meme-lieu-la-villa-shamengo\/'><div class='preview_img'><img decoding=\"async\" width=\"350\" height=\"210\" src=\"\/\/www.shamengo.com\/wp-content\/uploads\/2018\/07\/Communiqu\u00e9-presse-Shamengo-2016-350x210.jpg\" class=\"attachment-medium size-medium wp-post-image\" alt=\"\" srcset=\"\/\/www.shamengo.com\/wp-content\/uploads\/2018\/07\/Communiqu\u00e9-presse-Shamengo-2016-350x210.jpg 350w, \/\/www.shamengo.com\/wp-content\/uploads\/2018\/07\/Communiqu\u00e9-presse-Shamengo-2016.jpg 402w\" sizes=\"(max-width: 350px) 100vw, 350px\" \/><\/div><\/a><div class='info-box'><h4 class='title'><a href='https:\/\/www.shamengo.com\/fr\/press\/imaginez-le-meilleur-de-linnovation-verte-et-sociale-de-la-planete-concentre-dans-un-meme-lieu-la-villa-shamengo\/'>Imaginez le meilleur de l\u2019innovation verte et sociale concentr\u00e9 dans un m\u00eame lieu : la Villa Shamengo !<\/a><\/h4><div class='meta-data-box'><span class='location-date'>Paris, 16 mars 2016<\/span><a class='file-download' download target='_blank' href='\/\/www.shamengo.com\/wp-content\/uploads\/2018\/07\/Communiqu\u00e9_de_presse_Shamengo_Mipim_100316.pdf'><i class='fa fa-file-pdf-o' aria-hidden='true'><\/i><\/a><\/div><div class='box-tag'><span class='tag'>communiqu\u00e9 de presse<\/span><span class='tag'>ecoconstruction<\/span><span class='tag'>entrepreneuriat social<\/span><span class='tag'>innovation verte<\/span><span class='tag'>mipim<\/span><\/div><div class='intro-text'>Shamengo, la fabrique du nouveau monde (www.shamengo.com), pr\u00e9sentera son concept de \u00ab Smart Villa \u00bb lors du MIPIM sur le stand de Bordeaux M\u00e9tropole (P-1.C2) le mercredi 16 mars \u00e0 10h30.<\/div><\/div><\/div><div class='year-box'><span class='year-text'>2015<\/span><\/div><div class='line-press'><a href='https:\/\/www.shamengo.com\/fr\/press\/cop21-paris-aux-cotes-de-shamengo-pour-promouvoir-les-initiatives-des-collectivites\/'><div class='preview_img'><img decoding=\"async\" width=\"350\" height=\"204\" src=\"\/\/www.shamengo.com\/wp-content\/uploads\/2018\/07\/cop21_currently_offline-copie-740x431-350x204.png\" class=\"attachment-medium size-medium wp-post-image\" alt=\"\" srcset=\"\/\/www.shamengo.com\/wp-content\/uploads\/2018\/07\/cop21_currently_offline-copie-740x431-350x204.png 350w, \/\/www.shamengo.com\/wp-content\/uploads\/2018\/07\/cop21_currently_offline-copie-740x431-600x349.png 600w, \/\/www.shamengo.com\/wp-content\/uploads\/2018\/07\/cop21_currently_offline-copie-740x431.png 740w\" sizes=\"(max-width: 350px) 100vw, 350px\" \/><\/div><\/a><div class='info-box'><h4 class='title'><a href='https:\/\/www.shamengo.com\/fr\/press\/cop21-paris-aux-cotes-de-shamengo-pour-promouvoir-les-initiatives-des-collectivites\/'>COP21 : Paris aux c\u00f4t\u00e9s de Shamengo pour promouvoir les initiatives des collectivit\u00e9s<\/a><\/h4><div class='meta-data-box'><span class='location-date'>Paris, 02 d\u00e9cembre 2015<\/span><a class='file-download' download target='_blank' href='\/\/www.shamengo.com\/wp-content\/uploads\/2018\/07\/COP21-Paris-aux-c\u00f4t\u00e9s-de-Shamengo-pour-promouvoir-les-initiatives-des-collectivit\u00e9s-1.pdf'><i class='fa fa-file-pdf-o' aria-hidden='true'><\/i><\/a><\/div><div class='box-tag'><span class='tag'>cop 21<\/span><\/div><div class='intro-text'>A l\u2019occasion de la COP21, la Ville de Paris s\u2019associe \u00e0 l\u2019association Shamengo pour le lancement d\u2019une plateforme web de promotion des actions conduites par les collectivit\u00e9s du monde en mati\u00e8re d\u2019innovation sociale et \u00e9cologique.<\/div><\/div><\/div><div class='line-press'><a href='https:\/\/www.shamengo.com\/fr\/press\/shamengo-devoile-sa-premiere-villa-du-futur-a-loccasion-de-la-cop21\/'><div class='preview_img'><img decoding=\"async\" width=\"350\" height=\"139\" src=\"\/\/www.shamengo.com\/wp-content\/uploads\/2018\/07\/Maison-futur-Shamengo-350x139.jpg\" class=\"attachment-medium size-medium wp-post-image\" alt=\"\" srcset=\"\/\/www.shamengo.com\/wp-content\/uploads\/2018\/07\/Maison-futur-Shamengo-350x139.jpg 350w, \/\/www.shamengo.com\/wp-content\/uploads\/2018\/07\/Maison-futur-Shamengo-768x305.jpg 768w, \/\/www.shamengo.com\/wp-content\/uploads\/2018\/07\/Maison-futur-Shamengo-1024x406.jpg 1024w, \/\/www.shamengo.com\/wp-content\/uploads\/2018\/07\/Maison-futur-Shamengo-600x238.jpg 600w, \/\/www.shamengo.com\/wp-content\/uploads\/2018\/07\/Maison-futur-Shamengo.jpg 1290w\" sizes=\"(max-width: 350px) 100vw, 350px\" \/><\/div><\/a><div class='info-box'><h4 class='title'><a href='https:\/\/www.shamengo.com\/fr\/press\/shamengo-devoile-sa-premiere-villa-du-futur-a-loccasion-de-la-cop21\/'>Shamengo d\u00e9voile sa premi\u00e8re Villa du futur \u00e0 l\u2019occasion de la COP21<\/a><\/h4><div class='meta-data-box'><span class='location-date'>Paris, 09 novembre 2015<\/span><a class='file-download' download target='_blank' href='\/\/www.shamengo.com\/wp-content\/uploads\/2018\/07\/Communiqu\u00e9_de_presse_VillaShamengo_COP21.pdf'><i class='fa fa-file-pdf-o' aria-hidden='true'><\/i><\/a><\/div><div class='box-tag'><span class='tag'>art de vivre<\/span><span class='tag'>cop21<\/span><span class='tag'>entrepreneuriat social<\/span><span class='tag'>innovation<\/span><\/div><div class='intro-text'>Du 30 novembre au 11 d\u00e9cembre 2015, Shamengo, la fabrique du nouveau monde, investit l\u2019espace G\u00e9n\u00e9ration Climat du Bourget avec une Villa de 150m2 enti\u00e8rement con\u00e7ue \u00e0 partir de 50 innovations vertes et sociales et de mat\u00e9riaux recycl\u00e9s. <\/div><\/div><\/div><div class='bt-container hidden'><button class='loadmore-bt press_release' data-element-type='press_release'>Plus de communiqu\u00e9s<\/button><\/div><\/div><div class='open toggle-section' data-element-type='press_kit'><i class='icon-toggle fa fa-folder-open' aria-hidden='true'><\/i><div class='separator-vertical'><\/div><h3 class='title-toggle'>Dossiers de presse<\/h3><i class='fa fa-chevron-down' aria-hidden='true'><\/i><i class='fa fa-chevron-right' aria-hidden='true'><\/i><\/div><div class='section-content press_kit opened'><div class='line-press'><div class='preview_img'><img decoding=\"async\" width=\"350\" height=\"197\" src=\"\/\/www.shamengo.com\/wp-content\/uploads\/2019\/05\/Image-01-350x197.jpg\" class=\"attachment-medium size-medium wp-post-image\" alt=\"\" srcset=\"\/\/www.shamengo.com\/wp-content\/uploads\/2019\/05\/Image-01-350x197.jpg 350w, \/\/www.shamengo.com\/wp-content\/uploads\/2019\/05\/Image-01-768x432.jpg 768w, \/\/www.shamengo.com\/wp-content\/uploads\/2019\/05\/Image-01-1024x576.jpg 1024w, \/\/www.shamengo.com\/wp-content\/uploads\/2019\/05\/Image-01-256x144.jpg 256w, \/\/www.shamengo.com\/wp-content\/uploads\/2019\/05\/Image-01-600x338.jpg 600w, \/\/www.shamengo.com\/wp-content\/uploads\/2019\/05\/Image-01.jpg 1920w\" sizes=\"(max-width: 350px) 100vw, 350px\" \/><\/div><div class='info-box'><h4 class='title'>La villa Shamengo, une premi\u00e8re mondiale \u00e0 Bordeaux<\/h4><div class='meta-data-box'><span class='location-date'>Paris, 15 mai 2019<\/span><a class='file-download' download target='_blank' href='\/\/www.shamengo.com\/wp-content\/uploads\/2019\/05\/DP-Villa-Shamengo-Bordeaux-V-5-juin-pdf.pdf'><i class='fa fa-file-pdf-o' aria-hidden='true'><\/i><\/a><\/div><div class='box-tag'><span class='tag'>bordeaux<\/span><span class='tag'>d\u00e9veloppement durable<\/span><span class='tag'>\u00e9co-construction<\/span><span class='tag'>\u00e9cole<\/span><span class='tag'>\u00e9conomie circulaire<\/span><span class='tag'>habitat durable<\/span><span class='tag'>laboratoire<\/span><span class='tag'>projet<\/span><span class='tag'>sustainable brands<\/span><\/div><div class='intro-text'><\/div><\/div><\/div><div class='bt-container hidden'><button class='loadmore-bt press_kit' data-element-type='press_kit'>Plus de dossiers<\/button><\/div><\/div><div class='open toggle-section' data-element-type='picture'><i class='icon-toggle fa fa-picture-o' aria-hidden='true'><\/i><div class='separator-vertical'><\/div><h3 class='title-toggle'>Photos<\/h3><i class='fa fa-chevron-down' aria-hidden='true'><\/i><i class='fa fa-chevron-right' aria-hidden='true'><\/i><\/div><div class='section-content picture opened'><div class='category-filter-container'><a class='category-filter active' href='#all-photo' data-category-id='null'>Toutes<\/a><a class='category-filter' href='#Catherine BERTHILLIER-photo' data-category-id='3714'>Catherine BERTHILLIER<\/a><a class='category-filter' href='#Shamengo-photo' data-category-id='3715'>Shamengo<\/a><\/div><div class='picture-container'><div class='square-picture-container' style='background-image: url(\/\/www.shamengo.com\/wp-content\/uploads\/2019\/05\/unnamed-1-300x300.png)'><div class='hover-message-container'><div class='hover-text'> | Villa Shamengo 3D | 2019 | Bordeaux<\/div><\/div><a class='download-picture' download target='_blank' href='\/\/www.shamengo.com\/wp-content\/uploads\/2019\/05\/unnamed-1.png'><i class='fa fa-download' aria-hidden='true'><\/i><\/a><\/div><div class='square-picture-container' style='background-image: url(\/\/www.shamengo.com\/wp-content\/uploads\/2019\/05\/verriere-bis-2-300x300.jpg)'><div class='hover-message-container'><div class='hover-text'> | Villa Shamengo 3D | 2019 | Bordeaux<\/div><\/div><a class='download-picture' download target='_blank' href='\/\/www.shamengo.com\/wp-content\/uploads\/2019\/05\/verriere-bis-2.jpg'><i class='fa fa-download' aria-hidden='true'><\/i><\/a><\/div><div class='square-picture-container' style='background-image: url(\/\/www.shamengo.com\/wp-content\/uploads\/2018\/07\/logo_Shamengo.jpg)'><div class='hover-message-container'><div class='hover-text'>Logo Shamengo | 2018 | Paris<\/div><\/div><a class='download-picture' download target='_blank' href='\/\/www.shamengo.com\/wp-content\/uploads\/2018\/07\/Logos_Shamengo_Kit_Presse.zip'><i class='fa fa-download' aria-hidden='true'><\/i><\/a><\/div><div class='square-picture-container' style='background-image: url(\/\/www.shamengo.com\/wp-content\/uploads\/2018\/07\/IMG_0866-300x300.jpg)'><div class='hover-message-container'><div class='hover-text'>Catherine Berthillier en Inde | 2017 | Vanarasi<\/div><\/div><a class='download-picture' download target='_blank' href='\/\/www.shamengo.com\/wp-content\/uploads\/2018\/07\/IMG_0866.jpg'><i class='fa fa-download' aria-hidden='true'><\/i><\/a><\/div><div class='square-picture-container' style='background-image: url(\/\/www.shamengo.com\/wp-content\/uploads\/2018\/07\/Catherine-Gange-Vanarasi-300x300.jpg)'><div class='hover-message-container'><div class='hover-text'>Catherine Berthillier en Inde | 2017 | Vanarasi<\/div><\/div><a class='download-picture' download target='_blank' href='\/\/www.shamengo.com\/wp-content\/uploads\/2018\/07\/Catherine-Gange-Vanarasi.jpg'><i class='fa fa-download' aria-hidden='true'><\/i><\/a><\/div><div class='square-picture-container' style='background-image: url(\/\/www.shamengo.com\/wp-content\/uploads\/2018\/07\/Chatrine-Berthillier-300x300.jpg)'><div class='hover-message-container'><div class='hover-text'>Catherine Berthillier | 2018 | Paris<\/div><\/div><a class='download-picture' download target='_blank' href='\/\/www.shamengo.com\/wp-content\/uploads\/2018\/07\/Chatrine-Berthillier.jpg'><i class='fa fa-download' aria-hidden='true'><\/i><\/a><\/div><\/div><div class='bt-container hidden'><button class='loadmore-bt picture' data-element-type='picture'>Plus de photos<\/button><\/div><\/div><div class='open toggle-section' data-element-type='video'><i class='icon-toggle fa fa-video-camera' aria-hidden='true'><\/i><div class='separator-vertical'><\/div><h3 class='title-toggle'>Vid\u00e9os<\/h3><i class='fa fa-chevron-down' aria-hidden='true'><\/i><i class='fa fa-chevron-right' aria-hidden='true'><\/i><\/div><div class='section-content video opened'><div class='videos-container'><div class='box-video-single'><div class='thumbnail-container'><img decoding=\"async\" width=\"350\" height=\"176\" src=\"\/\/www.shamengo.com\/wp-content\/uploads\/2018\/07\/Vid\u00e9o-pr\u00e9sentation-shamengo-350x176.jpg\" class=\"attachment-medium size-medium wp-post-image\" alt=\"\" srcset=\"\/\/www.shamengo.com\/wp-content\/uploads\/2018\/07\/Vid\u00e9o-pr\u00e9sentation-shamengo-350x176.jpg 350w, \/\/www.shamengo.com\/wp-content\/uploads\/2018\/07\/Vid\u00e9o-pr\u00e9sentation-shamengo-600x302.jpg 600w, \/\/www.shamengo.com\/wp-content\/uploads\/2018\/07\/Vid\u00e9o-pr\u00e9sentation-shamengo.jpg 626w\" sizes=\"(max-width: 350px) 100vw, 350px\" \/><a class='play-button' data-video-type='shamengo' data-video-id='597'><i class='fa fa-play-circle' aria-hidden='true'><\/i><\/a><\/div><div class='text-container'><span class='video-title'>Pr\u00e9sentation de Shamengo (03:00)<\/span><a class='download-picture' download target='_blank' href='\/\/www.shamengo.com\/wp-content\/uploads\/2018\/07\/Pr\u00e9sentation-Shamengo.mp4'><i class='fa fa-download' aria-hidden='true'><\/i><\/a><\/div><\/div><div class='box-video-single'><div class='thumbnail-container'><img decoding=\"async\" width=\"350\" height=\"195\" src=\"\/\/www.shamengo.com\/wp-content\/uploads\/2018\/07\/Shamengo-Cop-21-Paris-350x195.jpg\" class=\"attachment-medium size-medium wp-post-image\" alt=\"Shamengo Cop 21 Paris\" srcset=\"\/\/www.shamengo.com\/wp-content\/uploads\/2018\/07\/Shamengo-Cop-21-Paris-350x195.jpg 350w, \/\/www.shamengo.com\/wp-content\/uploads\/2018\/07\/Shamengo-Cop-21-Paris-600x334.jpg 600w, \/\/www.shamengo.com\/wp-content\/uploads\/2018\/07\/Shamengo-Cop-21-Paris.jpg 637w\" sizes=\"(max-width: 350px) 100vw, 350px\" \/><a class='play-button' data-video-type='shamengo' data-video-id='512'><i class='fa fa-play-circle' aria-hidden='true'><\/i><\/a><\/div><div class='text-container'><span class='video-title'>Shamengo \u00e0 la COP 21 (01:02) \u2013 d\u00e9c. 2015<\/span><a class='download-picture' download target='_blank' href='\/\/www.shamengo.com\/wp-content\/uploads\/2018\/07\/Cop21-Courte-pr\u00e9sentation.mp4'><i class='fa fa-download' aria-hidden='true'><\/i><\/a><\/div><\/div><div class='box-video-single'><div class='thumbnail-container'><img decoding=\"async\" width=\"350\" height=\"197\" src=\"\/\/www.shamengo.com\/wp-content\/uploads\/2018\/07\/Soir\u00e9e-Shamengo-Liter-of-Light-BQ-350x197.jpg\" class=\"attachment-medium size-medium wp-post-image\" alt=\"Soir\u00e9e Shamengo - Liter of Light (BQ)\" srcset=\"\/\/www.shamengo.com\/wp-content\/uploads\/2018\/07\/Soir\u00e9e-Shamengo-Liter-of-Light-BQ-350x197.jpg 350w, \/\/www.shamengo.com\/wp-content\/uploads\/2018\/07\/Soir\u00e9e-Shamengo-Liter-of-Light-BQ-768x432.jpg 768w, \/\/www.shamengo.com\/wp-content\/uploads\/2018\/07\/Soir\u00e9e-Shamengo-Liter-of-Light-BQ-1024x576.jpg 1024w, \/\/www.shamengo.com\/wp-content\/uploads\/2018\/07\/Soir\u00e9e-Shamengo-Liter-of-Light-BQ-600x338.jpg 600w, \/\/www.shamengo.com\/wp-content\/uploads\/2018\/07\/Soir\u00e9e-Shamengo-Liter-of-Light-BQ.jpg 1280w\" sizes=\"(max-width: 350px) 100vw, 350px\" \/><a class='play-button' data-video-type='youtube' data-video-id='LJZdKrkqHGo'><i class='fa fa-play-circle' aria-hidden='true'><\/i><\/a><\/div><div class='text-container'><span class='video-title'>Liter of Light \u00e0 la soir\u00e9e Shamengo COP21 au CESE Paris (02:04) \u2013 d\u00e9c. 2015<\/span><a class='download-picture' download target='_blank' href='\/\/www.shamengo.com\/wp-content\/uploads\/2018\/07\/Soir\u00e9e-Shamengo-Liter-of-Light-1080p_25fps_H264-128kbit_AAC.mp4'><i class='fa fa-download' aria-hidden='true'><\/i><\/a><\/div><\/div><div class='box-video-single'><div class='thumbnail-container'><img decoding=\"async\" width=\"350\" height=\"197\" src=\"\/\/www.shamengo.com\/wp-content\/uploads\/2018\/07\/timelapse-construction-Villa-Shamengo-COP21-BQ-350x197.jpg\" class=\"attachment-medium size-medium wp-post-image\" alt=\"timelapse construction Villa Shamengo COP21 (BQ)\" srcset=\"\/\/www.shamengo.com\/wp-content\/uploads\/2018\/07\/timelapse-construction-Villa-Shamengo-COP21-BQ-350x197.jpg 350w, \/\/www.shamengo.com\/wp-content\/uploads\/2018\/07\/timelapse-construction-Villa-Shamengo-COP21-BQ-768x432.jpg 768w, \/\/www.shamengo.com\/wp-content\/uploads\/2018\/07\/timelapse-construction-Villa-Shamengo-COP21-BQ-1024x576.jpg 1024w, \/\/www.shamengo.com\/wp-content\/uploads\/2018\/07\/timelapse-construction-Villa-Shamengo-COP21-BQ-600x338.jpg 600w, \/\/www.shamengo.com\/wp-content\/uploads\/2018\/07\/timelapse-construction-Villa-Shamengo-COP21-BQ.jpg 1920w\" sizes=\"(max-width: 350px) 100vw, 350px\" \/><a class='play-button' data-video-type='youtube' data-video-id='Zdk5zqsq_qI'><i class='fa fa-play-circle' aria-hidden='true'><\/i><\/a><\/div><div class='text-container'><span class='video-title'>Construction du stand Villa Shamengo \u00e0 la COP21 (00:32) \u2013 nov. 2015<\/span><a class='download-picture' download target='_blank' href='\/\/www.shamengo.com\/wp-content\/uploads\/2018\/07\/timelapse-construction-Villa-Shamengo-COP21-1080p_25fps_H264-128kbit_AAC.mp4'><i class='fa fa-download' aria-hidden='true'><\/i><\/a><\/div><\/div><div class='box-video-single'><div class='thumbnail-container'><img decoding=\"async\" width=\"350\" height=\"197\" src=\"\/\/www.shamengo.com\/wp-content\/uploads\/2018\/07\/Journ\u00e9e-Internationale-du-bonheur-BQ-350x197.jpg\" class=\"attachment-medium size-medium wp-post-image\" alt=\"Journ\u00e9e Internationale du bonheur (BQ)\" srcset=\"\/\/www.shamengo.com\/wp-content\/uploads\/2018\/07\/Journ\u00e9e-Internationale-du-bonheur-BQ-350x197.jpg 350w, \/\/www.shamengo.com\/wp-content\/uploads\/2018\/07\/Journ\u00e9e-Internationale-du-bonheur-BQ-768x432.jpg 768w, \/\/www.shamengo.com\/wp-content\/uploads\/2018\/07\/Journ\u00e9e-Internationale-du-bonheur-BQ-1024x576.jpg 1024w, \/\/www.shamengo.com\/wp-content\/uploads\/2018\/07\/Journ\u00e9e-Internationale-du-bonheur-BQ-600x338.jpg 600w, \/\/www.shamengo.com\/wp-content\/uploads\/2018\/07\/Journ\u00e9e-Internationale-du-bonheur-BQ.jpg 1920w\" sizes=\"(max-width: 350px) 100vw, 350px\" \/><a class='play-button' data-video-type='youtube' data-video-id='8k0wSYmVw_s'><i class='fa fa-play-circle' aria-hidden='true'><\/i><\/a><\/div><div class='text-container'><span class='video-title'>Journ\u00e9e internationale du Bonheur (03:01) \u2013 oct. 2015<\/span><a class='download-picture' download target='_blank' href='\/\/www.shamengo.com\/wp-content\/uploads\/2018\/07\/Journ\u00e9e-Internationale-du-bonheur-1080p_25fps_H264-128kbit_AAC.mp4'><i class='fa fa-download' aria-hidden='true'><\/i><\/a><\/div><\/div><div class='box-video-single'><div class='thumbnail-container'><img decoding=\"async\" width=\"350\" height=\"180\" src=\"\/\/www.shamengo.com\/wp-content\/uploads\/2018\/07\/Mandala-Shamengo-350x180.jpg\" class=\"attachment-medium size-medium wp-post-image\" alt=\"\" srcset=\"\/\/www.shamengo.com\/wp-content\/uploads\/2018\/07\/Mandala-Shamengo-350x180.jpg 350w, \/\/www.shamengo.com\/wp-content\/uploads\/2018\/07\/Mandala-Shamengo-768x395.jpg 768w, \/\/www.shamengo.com\/wp-content\/uploads\/2018\/07\/Mandala-Shamengo-600x308.jpg 600w, \/\/www.shamengo.com\/wp-content\/uploads\/2018\/07\/Mandala-Shamengo.jpg 827w\" sizes=\"(max-width: 350px) 100vw, 350px\" \/><a class='play-button' data-video-type='youtube' data-video-id='l9-mF2bnOmQ'><i class='fa fa-play-circle' aria-hidden='true'><\/i><\/a><\/div><div class='text-container'><span class='video-title'>Mandala \u00e0 la mani\u00e8re du pionnier Shamengo Joe Mangrum (01:10) \u2013 oct. 2015<\/span><a class='download-picture' download target='_blank' href='\/\/www.shamengo.com\/wp-content\/uploads\/2018\/07\/Mandala-SO-192kbit_AAC.m4a'><i class='fa fa-download' aria-hidden='true'><\/i><\/a><\/div><\/div><\/div><div class='bt-container'><button class='loadmore-bt video' data-element-type='video'>Plus de vid\u00e9os<\/button><\/div><\/div><input type='hidden' id='data_press_release' data-max-page='1'\/><input type='hidden' id='data_press_kit' data-max-page='1'\/><input type='hidden' id='data_picture' data-max-page='1'\/><input type='hidden' id='data_video' data-max-page='3'\/><div class='container-overlay-video'><div class='mask-overlay'><\/div><div class='overlay-video-content'><a class=\"close-overlay\"><i class=\"fa fa-times\" aria-hidden=\"true\"><\/i><\/a><\/div><\/div>[\/vc_column][\/vc_row][\/vc_section][vc_section full_width=&#8221;stretch_row&#8221; css=&#8221;.vc_custom_1532627394485{margin-top: 30px !important;padding-top: 0px !important;background-color: #f7f7f7 !important;}&#8221;][vc_row][vc_column][vc_column_text]<\/p>\n<h2 style=\"text-align: center;\">Droits de diffusion<\/h2>\n<p style=\"text-align: center;\">Vous \u00eates un m\u00e9dia (TV, radio, journal, site internet, blog) et vous souhaitez diffuser les portraits vid\u00e9os des Pionniers Shamengo ?<br \/>\nPlusieurs possibilit\u00e9s s\u2019offrent \u00e0 vous : partenariat, \u00e9change de visibilit\u00e9, achat d\u2019images, de rushes non utilis\u00e9s\u2026<\/p>\n<p style=\"text-align: center;\">Merci de prendre contact avec nous via <a href=\"mailto:contact@shamengo.com\">contact@shamengo.com<\/a> pour \u00e9tudier au cas par cas votre demande.<\/p>\n<p>[\/vc_column_text][\/vc_column][\/vc_row][\/vc_section]<\/p>\n<\/div>","protected":false},"excerpt":{"rendered":"<p>[vc_section full_width=&#8221;stretch_row_content&#8221; el_class=&#8221;header-image-section&#8221; css=&#8221;.vc_custom_1532557230229{background-image: url(\/\/shamengo.com\/wp-content\/uploads\/2018\/07\/bandeau-espace-presse.jpg?id=37059) !important;}&#8221;][\/vc_section][vc_section css=&#8221;.vc_custom_1532451925120{margin-bottom: 0px !important;padding-bottom: 0px !important;}&#8221;][vc_row el_id=&#8221;site-title&#8221;][vc_column][vc_column_text] ESPACE PRESSE Journalistes, r\u00e9alisateurs et professionnels de la communication, voici les contenus que nous mettons \u00e0 votre disposition. N\u2019h\u00e9sitez pas \u00e0 nous contacter directement si vous n\u2019y trouvez pas votre bonheur ! [\/vc_column_text][\/vc_column][\/vc_row][\/vc_section][vc_section css=&#8221;.vc_custom_1532627270095{margin-top: 0px !important;margin-bottom: 20px !important;padding-top: 0px !important;}&#8221;][vc_row][vc_column][\/vc_column][\/vc_row][\/vc_section][vc_section full_width=&#8221;stretch_row&#8221; css=&#8221;.vc_custom_1532627394485{margin-top: 30px [&hellip;]<\/p>\n","protected":false},"author":1,"featured_media":0,"parent":0,"menu_order":0,"comment_status":"closed","ping_status":"closed","template":"","meta":{"_acf_changed":false,"footnotes":""},"thematique":[],"class_list":["post-37053","page","type-page","status-publish","hentry"],"acf":false,"_links":{"self":[{"href":"https:\/\/www.shamengo.com\/fr\/wp-json\/wp\/v2\/pages\/37053","targetHints":{"allow":["GET"]}}],"collection":[{"href":"https:\/\/www.shamengo.com\/fr\/wp-json\/wp\/v2\/pages"}],"about":[{"href":"https:\/\/www.shamengo.com\/fr\/wp-json\/wp\/v2\/types\/page"}],"author":[{"embeddable":true,"href":"https:\/\/www.shamengo.com\/fr\/wp-json\/wp\/v2\/users\/1"}],"replies":[{"embeddable":true,"href":"https:\/\/www.shamengo.com\/fr\/wp-json\/wp\/v2\/comments?post=37053"}],"version-history":[{"count":13,"href":"https:\/\/www.shamengo.com\/fr\/wp-json\/wp\/v2\/pages\/37053\/revisions"}],"predecessor-version":[{"id":90447,"href":"https:\/\/www.shamengo.com\/fr\/wp-json\/wp\/v2\/pages\/37053\/revisions\/90447"}],"wp:attachment":[{"href":"https:\/\/www.shamengo.com\/fr\/wp-json\/wp\/v2\/media?parent=37053"}],"wp:term":[{"taxonomy":"thematique","embeddable":true,"href":"https:\/\/www.shamengo.com\/fr\/wp-json\/wp\/v2\/thematique?post=37053"}],"curies":[{"name":"wp","href":"https:\/\/api.w.org\/{rel}","templated":true}]}}